{"id":252,"date":"2019-08-01T18:25:41","date_gmt":"2019-08-01T16:25:41","guid":{"rendered":"https:\/\/sanchezalcaraz.com\/?post_type=product&#038;p=252"},"modified":"2026-02-16T09:11:26","modified_gmt":"2026-02-16T08:11:26","slug":"centro-de-jamon-reserva","status":"publish","type":"product","link":"https:\/\/sanchezalcaraz.com\/en\/product-2\/centro-de-jamon-reserva\/","title":{"rendered":"Centro de Jam\u00f3n Reserva (mitad) 2,25 kg"},"content":{"rendered":"<p class=\"descripcionLargaProducto\"><span class=\"tituloDescripcionLarga\">Producto<\/span><br \/>\n<span class=\"subtituloDescripcionLarga\">Medio Centro de Jam\u00f3n Serrano Reserva 2 \u2013 2,5 kg.<\/span><\/p>\n<p class=\"descripcionLargaProducto\"><span class=\"tituloDescripcionLarga\">Sugerencia<\/span><br \/>\n<span class=\"subtituloDescripcionLarga\">Muy com\u00fan para lonchear para bocadillos de jam\u00f3n serrano.<\/span><\/p>\n<p class=\"descripcionLargaProducto\"><span class=\"tituloDescripcionLarga\">Consejos de consumo<\/span><br \/>\n<span class=\"subtituloDescripcionLarga\">Para disfrutar adecuadamente de este producto, s\u00e1quelo de su envase 30 minutos antes de consumirlo.<\/span><\/p>\n<p class=\"descripcionLargaProducto\"><span class=\"tituloDescripcionLarga\">Sab\u00edas qu\u00e9<\/span><br \/>\n<span class=\"subtituloDescripcionLarga\">El proceso de curaci\u00f3n del jam\u00f3n le concede unas propiedades nutricionales con amino\u00e1cidos esenciales, rico en vitaminas B1 y B6, f\u00f3sforo, hierro, potasio y zinc.<\/span><\/p>\n<p class=\"descripcionLargaProducto\"><span class=\"tituloDescripcionLarga\">Ingredientes<\/span><br \/>\n<span class=\"subtituloDescripcionLarga\">Jam\u00f3n de cerdo, sal, az\u00facar, conservantes (E 250, E 252) y antioxidante (E 301).<\/span><\/p>\n<p>VALOR NUTRICIONAL POR CADA 100Gr<\/p>\n<table class=\"composicionProductos\" style=\"max-width: 400px;\">\n<tbody>\n<tr>\n<th>Composici\u00f3n<\/th>\n<th>Cantidad<\/th>\n<\/tr>\n<tr>\n<td>Valor Energ\u00e9tico<\/td>\n<td>971kj\/232Kcal<\/td>\n<\/tr>\n<tr>\n<td>Grasas<\/td>\n<td>12g<\/td>\n<\/tr>\n<tr>\n<td>de las cuales saturadas<\/td>\n<td>5g<\/td>\n<\/tr>\n<tr>\n<td>Hidratos de Carbono<\/td>\n<td>1g<\/td>\n<\/tr>\n<tr>\n<td>de los cuales az\u00facares<\/td>\n<td>1g<\/td>\n<\/tr>\n<tr>\n<td>Prote\u00ednas<\/td>\n<td>30g<\/td>\n<\/tr>\n<tr>\n<td>Sal<\/td>\n<td>5,5g<\/td>\n<\/tr>\n<\/tbody>\n<\/table>","protected":false},"excerpt":{"rendered":"<p class=\"descripcionCortaProducto\">Our debonned Reserva serrano Ham is prepared for slicing in order to obtain clean slices.<\/p>\n<p class=\"descripcionCortaProducto\">Our debonned Reserva serrano Ham is prepared for slicing in order to obtain clean slices.<\/p>\n<p class=\"destacadoDescripcion\">This product is vacuum packed in a cardboard box.<\/p>\n<p class=\"descripcionCortaProducto parrafoCero\"><strong>Precio: 24,44 \u20ac\/kg<\/strong><\/p>","protected":false},"featured_media":3295,"template":"","meta":[],"product_brand":[],"product_cat":[19],"product_tag":[],"class_list":{"0":"post-252","1":"product","2":"type-product","3":"status-publish","4":"has-post-thumbnail","6":"product_cat-deshuesados","8":"first","9":"instock","10":"shipping-taxable","11":"purchasable","12":"product-type-simple"},"yoast_head":"<!-- This site is optimized with the Yoast SEO plugin v24.3 - https:\/\/yoast.com\/wordpress\/plugins\/seo\/ -->\n<title>Centro de Jam\u00f3n Reserva (mitad) 2,25 kg<\/title>\n<meta name=\"description\" content=\"Prueba nuestros productos de calidad garantizada por m\u00e1s de dos generaciones de especialistas en la producci\u00f3n de jam\u00f3n y embutidos.\" \/>\n<meta name=\"robots\" content=\"index, follow, max-snippet:-1, max-image-preview:large, max-video-preview:-1\" \/>\n<link rel=\"canonical\" href=\"https:\/\/sanchezalcaraz.com\/en\/product-2\/centro-de-jamon-reserva\/\" \/>\n<meta property=\"og:locale\" content=\"en_GB\" \/>\n<meta property=\"og:type\" content=\"article\" \/>\n<meta property=\"og:title\" content=\"Centro de Jam\u00f3n Reserva (mitad) 2,25 kg\" \/>\n<meta property=\"og:description\" content=\"Prueba nuestros productos de calidad garantizada por m\u00e1s de dos generaciones de especialistas en la producci\u00f3n de jam\u00f3n y embutidos.\" \/>\n<meta property=\"og:url\" content=\"https:\/\/sanchezalcaraz.com\/en\/product-2\/centro-de-jamon-reserva\/\" \/>\n<meta property=\"og:site_name\" content=\"Sanchez Alcaraz\" \/>\n<meta property=\"article:publisher\" content=\"https:\/\/www.facebook.com\/SanchezAlcarazJamones\/\" \/>\n<meta property=\"article:modified_time\" content=\"2026-02-16T08:11:26+00:00\" \/>\n<meta property=\"og:image\" content=\"https:\/\/sanchezalcaraz.com\/wp-content\/uploads\/2019\/08\/CENTRO-JAMON-RESERVA-PP-MITAD-SA.jpg\" \/>\n\t<meta property=\"og:image:width\" content=\"800\" \/>\n\t<meta property=\"og:image:height\" content=\"960\" \/>\n\t<meta property=\"og:image:type\" content=\"image\/jpeg\" \/>\n<meta name=\"twitter:card\" content=\"summary_large_image\" \/>\n<meta name=\"twitter:site\" content=\"@sanchezalcaraz_\" \/>\n<meta name=\"twitter:label1\" content=\"Estimated reading time\" \/>\n\t<meta name=\"twitter:data1\" content=\"1 minute\" \/>\n<script type=\"application\/ld+json\" class=\"yoast-schema-graph\">{\"@context\":\"https:\/\/schema.org\",\"@graph\":[{\"@type\":\"WebPage\",\"@id\":\"https:\/\/sanchezalcaraz.com\/producto\/centro-de-jamon-reserva\/\",\"url\":\"https:\/\/sanchezalcaraz.com\/producto\/centro-de-jamon-reserva\/\",\"name\":\"Centro de Jam\u00f3n Reserva (mitad) 2,25 kg\",\"isPartOf\":{\"@id\":\"https:\/\/sanchezalcaraz.com\/#website\"},\"primaryImageOfPage\":{\"@id\":\"https:\/\/sanchezalcaraz.com\/producto\/centro-de-jamon-reserva\/#primaryimage\"},\"image\":{\"@id\":\"https:\/\/sanchezalcaraz.com\/producto\/centro-de-jamon-reserva\/#primaryimage\"},\"thumbnailUrl\":\"https:\/\/sanchezalcaraz.com\/wp-content\/uploads\/2019\/08\/CENTRO-JAMON-RESERVA-PP-MITAD-SA.jpg\",\"datePublished\":\"2019-08-01T16:25:41+00:00\",\"dateModified\":\"2026-02-16T08:11:26+00:00\",\"description\":\"Prueba nuestros productos de calidad garantizada por m\u00e1s de dos generaciones de especialistas en la producci\u00f3n de jam\u00f3n y embutidos.\",\"breadcrumb\":{\"@id\":\"https:\/\/sanchezalcaraz.com\/producto\/centro-de-jamon-reserva\/#breadcrumb\"},\"inLanguage\":\"en-GB\",\"potentialAction\":[{\"@type\":\"ReadAction\",\"target\":[\"https:\/\/sanchezalcaraz.com\/producto\/centro-de-jamon-reserva\/\"]}]},{\"@type\":\"ImageObject\",\"inLanguage\":\"en-GB\",\"@id\":\"https:\/\/sanchezalcaraz.com\/producto\/centro-de-jamon-reserva\/#primaryimage\",\"url\":\"https:\/\/sanchezalcaraz.com\/wp-content\/uploads\/2019\/08\/CENTRO-JAMON-RESERVA-PP-MITAD-SA.jpg\",\"contentUrl\":\"https:\/\/sanchezalcaraz.com\/wp-content\/uploads\/2019\/08\/CENTRO-JAMON-RESERVA-PP-MITAD-SA.jpg\",\"width\":800,\"height\":960,\"caption\":\"CENTRO-JAMON-RESERVA-PP-MITAD-SA\"},{\"@type\":\"BreadcrumbList\",\"@id\":\"https:\/\/sanchezalcaraz.com\/producto\/centro-de-jamon-reserva\/#breadcrumb\",\"itemListElement\":[{\"@type\":\"ListItem\",\"position\":1,\"name\":\"Portada\",\"item\":\"https:\/\/sanchezalcaraz.com\/\"},{\"@type\":\"ListItem\",\"position\":2,\"name\":\"Tienda\",\"item\":\"https:\/\/sanchezalcaraz.com\/tienda\/\"},{\"@type\":\"ListItem\",\"position\":3,\"name\":\"Centro de Jam\u00f3n Reserva (mitad) 2,25 kg\"}]},{\"@type\":\"WebSite\",\"@id\":\"https:\/\/sanchezalcaraz.com\/#website\",\"url\":\"https:\/\/sanchezalcaraz.com\/\",\"name\":\"Sanchez Alcaraz\",\"description\":\"\",\"publisher\":{\"@id\":\"https:\/\/sanchezalcaraz.com\/#organization\"},\"potentialAction\":[{\"@type\":\"SearchAction\",\"target\":{\"@type\":\"EntryPoint\",\"urlTemplate\":\"https:\/\/sanchezalcaraz.com\/?s={search_term_string}\"},\"query-input\":{\"@type\":\"PropertyValueSpecification\",\"valueRequired\":true,\"valueName\":\"search_term_string\"}}],\"inLanguage\":\"en-GB\"},{\"@type\":\"Organization\",\"@id\":\"https:\/\/sanchezalcaraz.com\/#organization\",\"name\":\"S\u00e1nchez Alcaraz\",\"url\":\"https:\/\/sanchezalcaraz.com\/\",\"logo\":{\"@type\":\"ImageObject\",\"inLanguage\":\"en-GB\",\"@id\":\"https:\/\/sanchezalcaraz.com\/#\/schema\/logo\/image\/\",\"url\":\"https:\/\/sanchezalcaraz.com\/wp-content\/uploads\/2023\/04\/cabecera-sanchez-alcaraz-logo-nuevo.jpg\",\"contentUrl\":\"https:\/\/sanchezalcaraz.com\/wp-content\/uploads\/2023\/04\/cabecera-sanchez-alcaraz-logo-nuevo.jpg\",\"width\":900,\"height\":600,\"caption\":\"S\u00e1nchez Alcaraz\"},\"image\":{\"@id\":\"https:\/\/sanchezalcaraz.com\/#\/schema\/logo\/image\/\"},\"sameAs\":[\"https:\/\/www.facebook.com\/SanchezAlcarazJamones\/\",\"https:\/\/x.com\/sanchezalcaraz_\",\"https:\/\/www.instagram.com\/sanchez_alcaraz\/\"]}]}<\/script>\n<!-- \/ Yoast SEO plugin. -->","yoast_head_json":{"title":"Centro de Jam\u00f3n Reserva (mitad) 2,25 kg","description":"Prueba nuestros productos de calidad garantizada por m\u00e1s de dos generaciones de especialistas en la producci\u00f3n de jam\u00f3n y embutidos.","robots":{"index":"index","follow":"follow","max-snippet":"max-snippet:-1","max-image-preview":"max-image-preview:large","max-video-preview":"max-video-preview:-1"},"canonical":"https:\/\/sanchezalcaraz.com\/en\/product-2\/centro-de-jamon-reserva\/","og_locale":"en_GB","og_type":"article","og_title":"Centro de Jam\u00f3n Reserva (mitad) 2,25 kg","og_description":"Prueba nuestros productos de calidad garantizada por m\u00e1s de dos generaciones de especialistas en la producci\u00f3n de jam\u00f3n y embutidos.","og_url":"https:\/\/sanchezalcaraz.com\/en\/product-2\/centro-de-jamon-reserva\/","og_site_name":"Sanchez Alcaraz","article_publisher":"https:\/\/www.facebook.com\/SanchezAlcarazJamones\/","article_modified_time":"2026-02-16T08:11:26+00:00","og_image":[{"width":800,"height":960,"url":"https:\/\/sanchezalcaraz.com\/wp-content\/uploads\/2019\/08\/CENTRO-JAMON-RESERVA-PP-MITAD-SA.jpg","type":"image\/jpeg"}],"twitter_card":"summary_large_image","twitter_site":"@sanchezalcaraz_","twitter_misc":{"Estimated reading time":"1 minute"},"schema":{"@context":"https:\/\/schema.org","@graph":[{"@type":"WebPage","@id":"https:\/\/sanchezalcaraz.com\/producto\/centro-de-jamon-reserva\/","url":"https:\/\/sanchezalcaraz.com\/producto\/centro-de-jamon-reserva\/","name":"Centro de Jam\u00f3n Reserva (mitad) 2,25 kg","isPartOf":{"@id":"https:\/\/sanchezalcaraz.com\/#website"},"primaryImageOfPage":{"@id":"https:\/\/sanchezalcaraz.com\/producto\/centro-de-jamon-reserva\/#primaryimage"},"image":{"@id":"https:\/\/sanchezalcaraz.com\/producto\/centro-de-jamon-reserva\/#primaryimage"},"thumbnailUrl":"https:\/\/sanchezalcaraz.com\/wp-content\/uploads\/2019\/08\/CENTRO-JAMON-RESERVA-PP-MITAD-SA.jpg","datePublished":"2019-08-01T16:25:41+00:00","dateModified":"2026-02-16T08:11:26+00:00","description":"Prueba nuestros productos de calidad garantizada por m\u00e1s de dos generaciones de especialistas en la producci\u00f3n de jam\u00f3n y embutidos.","breadcrumb":{"@id":"https:\/\/sanchezalcaraz.com\/producto\/centro-de-jamon-reserva\/#breadcrumb"},"inLanguage":"en-GB","potentialAction":[{"@type":"ReadAction","target":["https:\/\/sanchezalcaraz.com\/producto\/centro-de-jamon-reserva\/"]}]},{"@type":"ImageObject","inLanguage":"en-GB","@id":"https:\/\/sanchezalcaraz.com\/producto\/centro-de-jamon-reserva\/#primaryimage","url":"https:\/\/sanchezalcaraz.com\/wp-content\/uploads\/2019\/08\/CENTRO-JAMON-RESERVA-PP-MITAD-SA.jpg","contentUrl":"https:\/\/sanchezalcaraz.com\/wp-content\/uploads\/2019\/08\/CENTRO-JAMON-RESERVA-PP-MITAD-SA.jpg","width":800,"height":960,"caption":"CENTRO-JAMON-RESERVA-PP-MITAD-SA"},{"@type":"BreadcrumbList","@id":"https:\/\/sanchezalcaraz.com\/producto\/centro-de-jamon-reserva\/#breadcrumb","itemListElement":[{"@type":"ListItem","position":1,"name":"Portada","item":"https:\/\/sanchezalcaraz.com\/"},{"@type":"ListItem","position":2,"name":"Tienda","item":"https:\/\/sanchezalcaraz.com\/tienda\/"},{"@type":"ListItem","position":3,"name":"Centro de Jam\u00f3n Reserva (mitad) 2,25 kg"}]},{"@type":"WebSite","@id":"https:\/\/sanchezalcaraz.com\/#website","url":"https:\/\/sanchezalcaraz.com\/","name":"Sanchez Alcaraz","description":"","publisher":{"@id":"https:\/\/sanchezalcaraz.com\/#organization"},"potentialAction":[{"@type":"SearchAction","target":{"@type":"EntryPoint","urlTemplate":"https:\/\/sanchezalcaraz.com\/?s={search_term_string}"},"query-input":{"@type":"PropertyValueSpecification","valueRequired":true,"valueName":"search_term_string"}}],"inLanguage":"en-GB"},{"@type":"Organization","@id":"https:\/\/sanchezalcaraz.com\/#organization","name":"S\u00e1nchez Alcaraz","url":"https:\/\/sanchezalcaraz.com\/","logo":{"@type":"ImageObject","inLanguage":"en-GB","@id":"https:\/\/sanchezalcaraz.com\/#\/schema\/logo\/image\/","url":"https:\/\/sanchezalcaraz.com\/wp-content\/uploads\/2023\/04\/cabecera-sanchez-alcaraz-logo-nuevo.jpg","contentUrl":"https:\/\/sanchezalcaraz.com\/wp-content\/uploads\/2023\/04\/cabecera-sanchez-alcaraz-logo-nuevo.jpg","width":900,"height":600,"caption":"S\u00e1nchez Alcaraz"},"image":{"@id":"https:\/\/sanchezalcaraz.com\/#\/schema\/logo\/image\/"},"sameAs":["https:\/\/www.facebook.com\/SanchezAlcarazJamones\/","https:\/\/x.com\/sanchezalcaraz_","https:\/\/www.instagram.com\/sanchez_alcaraz\/"]}]}},"_links":{"self":[{"href":"https:\/\/sanchezalcaraz.com\/en\/wp-json\/wp\/v2\/product\/252","targetHints":{"allow":["GET"]}}],"collection":[{"href":"https:\/\/sanchezalcaraz.com\/en\/wp-json\/wp\/v2\/product"}],"about":[{"href":"https:\/\/sanchezalcaraz.com\/en\/wp-json\/wp\/v2\/types\/product"}],"wp:featuredmedia":[{"embeddable":true,"href":"https:\/\/sanchezalcaraz.com\/en\/wp-json\/wp\/v2\/media\/3295"}],"wp:attachment":[{"href":"https:\/\/sanchezalcaraz.com\/en\/wp-json\/wp\/v2\/media?parent=252"}],"wp:term":[{"taxonomy":"product_brand","embeddable":true,"href":"https:\/\/sanchezalcaraz.com\/en\/wp-json\/wp\/v2\/product_brand?post=252"},{"taxonomy":"product_cat","embeddable":true,"href":"https:\/\/sanchezalcaraz.com\/en\/wp-json\/wp\/v2\/product_cat?post=252"},{"taxonomy":"product_tag","embeddable":true,"href":"https:\/\/sanchezalcaraz.com\/en\/wp-json\/wp\/v2\/product_tag?post=252"}],"curies":[{"name":"wp","href":"https:\/\/api.w.org\/{rel}","templated":true}]}}